{"id":1077,"date":"2023-03-08T17:33:07","date_gmt":"2023-03-08T17:33:07","guid":{"rendered":"http:\/\/us.ylirotu.fi\/index.php\/maailman-muutos\/kylman-sodan-paatosvaihe-2\/"},"modified":"2023-08-17T08:23:37","modified_gmt":"2023-08-17T08:23:37","slug":"euroopan-turvallisuuspoliittinen-kehitys-1990-luvulla","status":"publish","type":"page","link":"https:\/\/maailmanmuutos.org\/index.php\/kylmasta-sodasta-2000-luvulle\/euroopan-turvallisuuspoliittinen-kehitys-1990-luvulla\/","title":{"rendered":"Euroopan turvallisuuspoliittinen kehitys 1990-luvulla"},"content":{"rendered":"<div id='full_slider_1'  class='avia-fullwidth-slider main_color avia-shadow   avia-builder-el-0  el_before_av_one_full  avia-builder-el-first   container_wrap sidebar_right'  >\n<style type=\"text\/css\" data-created_by=\"avia_inline_auto\" id=\"style-css-av-kd4hz9nx-fb331aa0faaa9c578e2f07ccc45f5aa0\">\n#top #wrap_all .avia-slideshow .av-slideshow-caption.av-kd4hz9nx-fb331aa0faaa9c578e2f07ccc45f5aa0__0 .avia-caption-title{\nfont-size:22px;\n}\n#top .avia-slideshow .av-slideshow-caption.av-kd4hz9nx-fb331aa0faaa9c578e2f07ccc45f5aa0__0 .avia-caption-content{\nfont-size:14px;\n}\n#top .avia-slideshow .av-slideshow-caption.av-kd4hz9nx-fb331aa0faaa9c578e2f07ccc45f5aa0__0 .avia-caption-content p{\nfont-size:14px;\n}\n\n@media only screen and (min-width: 768px) and (max-width: 989px){ \n#top #wrap_all .avia-slideshow .av-slideshow-caption.av-kd4hz9nx-fb331aa0faaa9c578e2f07ccc45f5aa0__0 .avia-caption-title{\nfont-size:16px;\n}\n#top .avia-slideshow .av-slideshow-caption.av-kd4hz9nx-fb331aa0faaa9c578e2f07ccc45f5aa0__0 .avia-caption-content{\nfont-size:16px;\n}\n#top .avia-slideshow .av-slideshow-caption.av-kd4hz9nx-fb331aa0faaa9c578e2f07ccc45f5aa0__0 .avia-caption-content p{\nfont-size:16px;\n}\n}\n\n@media only screen and (min-width: 480px) and (max-width: 767px){ \n#top #wrap_all .avia-slideshow .av-slideshow-caption.av-kd4hz9nx-fb331aa0faaa9c578e2f07ccc45f5aa0__0 .avia-caption-title{\nfont-size:14px;\n}\n#top .avia-slideshow .av-slideshow-caption.av-kd4hz9nx-fb331aa0faaa9c578e2f07ccc45f5aa0__0 .avia-caption-content{\nfont-size:14px;\n}\n#top .avia-slideshow .av-slideshow-caption.av-kd4hz9nx-fb331aa0faaa9c578e2f07ccc45f5aa0__0 .avia-caption-content p{\nfont-size:14px;\n}\n}\n\n@media only screen and (max-width: 479px){ \n#top #wrap_all .avia-slideshow .av-slideshow-caption.av-kd4hz9nx-fb331aa0faaa9c578e2f07ccc45f5aa0__0 .avia-caption-title{\ndisplay:none;\n}\n#top .avia-slideshow .av-slideshow-caption.av-kd4hz9nx-fb331aa0faaa9c578e2f07ccc45f5aa0__0 .avia-caption-content{\ndisplay:none;\n}\n#top .avia-slideshow .av-slideshow-caption.av-kd4hz9nx-fb331aa0faaa9c578e2f07ccc45f5aa0__0 .avia-caption-content p{\ndisplay:none;\n}\n}\n<\/style>\n<div  class='avia-slideshow av-kd4hz9nx-fb331aa0faaa9c578e2f07ccc45f5aa0 avia-slideshow-featured av_slideshow_full avia-slide-slider av-slideshow-ui av-control-default av-slideshow-manual av-loop-once av-loop-manual-endless av-default-height-applied   avia-slideshow-1' data-slideshow-options=\"{&quot;animation&quot;:&quot;slide&quot;,&quot;autoplay&quot;:false,&quot;loop_autoplay&quot;:&quot;once&quot;,&quot;interval&quot;:5,&quot;loop_manual&quot;:&quot;manual-endless&quot;,&quot;autoplay_stopper&quot;:false,&quot;noNavigation&quot;:false,&quot;bg_slider&quot;:false,&quot;keep_padding&quot;:false,&quot;hoverpause&quot;:false,&quot;show_slide_delay&quot;:0}\"  itemprop=\"image\" itemscope=\"itemscope\" itemtype=\"https:\/\/schema.org\/ImageObject\" ><ul class='avia-slideshow-inner ' style='padding-bottom: 28.72411489646%;'><li  class='avia-slideshow-slide av-kd4hz9nx-fb331aa0faaa9c578e2f07ccc45f5aa0__0  av-single-slide slide-1 slide-odd'><div data-rel='slideshow-1' class='avia-slide-wrap '   ><img decoding=\"async\" fetchpriority=\"high\" class=\"wp-image-2837 avia-img-lazy-loading-not-2837\"  src=\"https:\/\/maailmanmuutos.org\/wp-content\/uploads\/2023\/08\/jugoslavian-hajoamissodat-m-48.jpg\" width=\"1497\" height=\"430\" title='kuvituskuvat' alt=''  itemprop=\"thumbnailUrl\" srcset=\"https:\/\/maailmanmuutos.org\/wp-content\/uploads\/2023\/08\/jugoslavian-hajoamissodat-m-48.jpg 1500w, https:\/\/maailmanmuutos.org\/wp-content\/uploads\/2023\/08\/jugoslavian-hajoamissodat-m-48-800x230.jpg 800w, https:\/\/maailmanmuutos.org\/wp-content\/uploads\/2023\/08\/jugoslavian-hajoamissodat-m-48-120x34.jpg 120w, https:\/\/maailmanmuutos.org\/wp-content\/uploads\/2023\/08\/jugoslavian-hajoamissodat-m-48-768x221.jpg 768w, https:\/\/maailmanmuutos.org\/wp-content\/uploads\/2023\/08\/jugoslavian-hajoamissodat-m-48-705x203.jpg 705w\" sizes=\"(max-width: 1497px) 100vw, 1497px\" \/><\/div><\/li><\/ul><\/div><\/div><div id='after_full_slider_1'  class='main_color av_default_container_wrap container_wrap sidebar_right'  ><div class='container av-section-cont-open' ><div class='template-page content  av-content-small alpha units'><div class='post-entry post-entry-type-page post-entry-1077'><div class='entry-content-wrapper clearfix'>\n\n<style type=\"text\/css\" data-created_by=\"avia_inline_auto\" id=\"style-css-av-5spn6-3d3e8ead61d02f87ad7c9f2fc625dc24\">\n.flex_column.av-5spn6-3d3e8ead61d02f87ad7c9f2fc625dc24{\nborder-radius:0px 0px 0px 0px;\npadding:0px 0px 0px 0px;\n}\n<\/style>\n<div  class='flex_column av-5spn6-3d3e8ead61d02f87ad7c9f2fc625dc24 av_one_full  avia-builder-el-1  el_after_av_slideshow_full  el_before_av_one_fourth  avia-builder-el-first  first flex_column_div av-zero-column-padding  '     ><p>\n<style type=\"text\/css\" data-created_by=\"avia_inline_auto\" id=\"style-css-av-2n0l9h-f174d25509fd6b2e837c9e5b9c9fe289\">\n#top .av-special-heading.av-2n0l9h-f174d25509fd6b2e837c9e5b9c9fe289{\npadding-bottom:10px;\n}\nbody .av-special-heading.av-2n0l9h-f174d25509fd6b2e837c9e5b9c9fe289 .av-special-heading-tag .heading-char{\nfont-size:25px;\n}\n.av-special-heading.av-2n0l9h-f174d25509fd6b2e837c9e5b9c9fe289 .av-subheading{\nfont-size:15px;\n}\n<\/style>\n<div  class='av-special-heading av-2n0l9h-f174d25509fd6b2e837c9e5b9c9fe289 av-special-heading-h1  avia-builder-el-2  el_before_av_hr  avia-builder-el-first '><h1 class='av-special-heading-tag'  itemprop=\"headline\"  >Euroopan turvallisuuspoliittinen kehitys 1990-luvulla<\/h1><div class=\"special-heading-border\"><div class=\"special-heading-inner-border\"><\/div><\/div><\/div><br \/>\n\n<style type=\"text\/css\" data-created_by=\"avia_inline_auto\" id=\"style-css-av-lf05c3hw-f7f15b7ef42d0b407f76a1e308c84d28\">\n#top .hr.hr-invisible.av-lf05c3hw-f7f15b7ef42d0b407f76a1e308c84d28{\nheight:50px;\n}\n<\/style>\n<div  class='hr av-lf05c3hw-f7f15b7ef42d0b407f76a1e308c84d28 hr-invisible  avia-builder-el-3  el_after_av_heading  avia-builder-el-last '><span class='hr-inner '><span class=\"hr-inner-style\"><\/span><\/span><\/div><\/p><\/div>\n\n<style type=\"text\/css\" data-created_by=\"avia_inline_auto\" id=\"style-css-av-8p6wdg-18791ac5a6e259e3357a38ed9e0869ca\">\n.flex_column.av-8p6wdg-18791ac5a6e259e3357a38ed9e0869ca{\nborder-radius:0px 0px 0px 0px;\npadding:0px 0px 0px 0px;\n}\n<\/style>\n<div  class='flex_column av-8p6wdg-18791ac5a6e259e3357a38ed9e0869ca av_one_fourth  avia-builder-el-4  el_after_av_one_full  el_before_av_one_fourth  first flex_column_div av-zero-column-padding  column-top-margin'     ><p>\n<style type=\"text\/css\" data-created_by=\"avia_inline_auto\" id=\"style-css-av-limwht6t-611f466fbb9b49dde40febe4e26795f0\">\n.avia-image-container.av-limwht6t-611f466fbb9b49dde40febe4e26795f0 img.avia_image{\nbox-shadow:none;\n}\n.avia-image-container.av-limwht6t-611f466fbb9b49dde40febe4e26795f0 .av-image-caption-overlay-center{\ncolor:#ffffff;\n}\n<\/style>\n<div  class='avia-image-container av-limwht6t-611f466fbb9b49dde40febe4e26795f0 av-styling- avia-align-center  avia-builder-el-5  el_before_av_textblock  avia-builder-el-first '   itemprop=\"image\" itemscope=\"itemscope\" itemtype=\"https:\/\/schema.org\/ImageObject\" ><div class=\"avia-image-container-inner\"><div class=\"avia-image-overlay-wrap\"><img decoding=\"async\" fetchpriority=\"high\" class='wp-image-3224 avia-img-lazy-loading-not-3224 avia_image ' src=\"https:\/\/maailmanmuutos.org\/wp-content\/uploads\/2023\/08\/jugoslavian-hajoamissodat-pikkukuvat.jpg\" alt='' title='jugoslavian-hajoamissodat-pikkukuvat'  height=\"400\" width=\"495\"  itemprop=\"thumbnailUrl\" srcset=\"https:\/\/maailmanmuutos.org\/wp-content\/uploads\/2023\/08\/jugoslavian-hajoamissodat-pikkukuvat.jpg 495w, https:\/\/maailmanmuutos.org\/wp-content\/uploads\/2023\/08\/jugoslavian-hajoamissodat-pikkukuvat-120x97.jpg 120w\" sizes=\"(max-width: 495px) 100vw, 495px\" \/><\/div><\/div><\/div><br \/>\n<section  class='av_textblock_section av-limwhja3-cdec96093997045c16841f3bb705198b '   itemscope=\"itemscope\" itemtype=\"https:\/\/schema.org\/CreativeWork\" ><div class='avia_textblock'  itemprop=\"text\" ><p style=\"text-align: center;\"><a href=\"http:\/\/maailmanmuutos.org\/index.php\/toisesta-maailmansodasta-2000-luvulle\/euroopan-turvallisuuspoliittinen-kehitys-1990-luvulla\/jugoslavian-hajoamissodat\/\" target=\"_blank\" rel=\"noopener\">Jugoslavian hajoamissodat<\/a><\/p>\n<\/div><\/section><\/p><\/div>\n<style type=\"text\/css\" data-created_by=\"avia_inline_auto\" id=\"style-css-av-8p6wdg-e31cd89784c86f9d0ef17c30f346d79c\">\n.flex_column.av-8p6wdg-e31cd89784c86f9d0ef17c30f346d79c{\nborder-radius:0px 0px 0px 0px;\npadding:0px 0px 0px 0px;\n}\n<\/style>\n<div  class='flex_column av-8p6wdg-e31cd89784c86f9d0ef17c30f346d79c av_one_fourth  avia-builder-el-7  el_after_av_one_fourth  el_before_av_one_fourth  flex_column_div av-zero-column-padding  column-top-margin'     ><p>\n<style type=\"text\/css\" data-created_by=\"avia_inline_auto\" id=\"style-css-av-limwht6t-5f7a4a08dd4533ba72e8cc766be897a7\">\n.avia-image-container.av-limwht6t-5f7a4a08dd4533ba72e8cc766be897a7 img.avia_image{\nbox-shadow:none;\n}\n.avia-image-container.av-limwht6t-5f7a4a08dd4533ba72e8cc766be897a7 .av-image-caption-overlay-center{\ncolor:#ffffff;\n}\n<\/style>\n<div  class='avia-image-container av-limwht6t-5f7a4a08dd4533ba72e8cc766be897a7 av-styling- avia-align-center  avia-builder-el-8  el_before_av_textblock  avia-builder-el-first '   itemprop=\"image\" itemscope=\"itemscope\" itemtype=\"https:\/\/schema.org\/ImageObject\" ><div class=\"avia-image-container-inner\"><div class=\"avia-image-overlay-wrap\"><img decoding=\"async\" fetchpriority=\"high\" class='wp-image-3262 avia-img-lazy-loading-not-3262 avia_image ' src=\"https:\/\/maailmanmuutos.org\/wp-content\/uploads\/2023\/08\/euroopan_parlamentti-pikkukuva.jpg\" alt='' title='euroopan_parlamentti-pikkukuva'  height=\"400\" width=\"495\"  itemprop=\"thumbnailUrl\" srcset=\"https:\/\/maailmanmuutos.org\/wp-content\/uploads\/2023\/08\/euroopan_parlamentti-pikkukuva.jpg 495w, https:\/\/maailmanmuutos.org\/wp-content\/uploads\/2023\/08\/euroopan_parlamentti-pikkukuva-120x97.jpg 120w\" sizes=\"(max-width: 495px) 100vw, 495px\" \/><\/div><\/div><\/div><br \/>\n<section  class='av_textblock_section av-limwhja3-cdec96093997045c16841f3bb705198b '   itemscope=\"itemscope\" itemtype=\"https:\/\/schema.org\/CreativeWork\" ><div class='avia_textblock'  itemprop=\"text\" ><p style=\"text-align: center;\"><a href=\"http:\/\/maailmanmuutos.org\/index.php\/toisesta-maailmansodasta-2000-luvulle\/euroopan-turvallisuuspoliittinen-kehitys-1990-luvulla\/euroopan-unionin-kehitys-1990-luvulla\/\" target=\"_blank\" rel=\"noopener\">Euroopan Unionin kehitys 1990-luvulla<\/a><\/p>\n<\/div><\/section><\/p><\/div><\/p>\n\n<style type=\"text\/css\" data-created_by=\"avia_inline_auto\" id=\"style-css-av-8p6wdg-e31cd89784c86f9d0ef17c30f346d79c\">\n.flex_column.av-8p6wdg-e31cd89784c86f9d0ef17c30f346d79c{\nborder-radius:0px 0px 0px 0px;\npadding:0px 0px 0px 0px;\n}\n<\/style>\n<div  class='flex_column av-8p6wdg-e31cd89784c86f9d0ef17c30f346d79c av_one_fourth  avia-builder-el-10  el_after_av_one_fourth  el_before_av_one_fourth  flex_column_div av-zero-column-padding  column-top-margin'     ><p>\n<style type=\"text\/css\" data-created_by=\"avia_inline_auto\" id=\"style-css-av-limwht6t-5285fd9d8e3d99496292356ea4f22bdf\">\n.avia-image-container.av-limwht6t-5285fd9d8e3d99496292356ea4f22bdf img.avia_image{\nbox-shadow:none;\n}\n.avia-image-container.av-limwht6t-5285fd9d8e3d99496292356ea4f22bdf .av-image-caption-overlay-center{\ncolor:#ffffff;\n}\n<\/style>\n<div  class='avia-image-container av-limwht6t-5285fd9d8e3d99496292356ea4f22bdf av-styling- avia-align-center  avia-builder-el-11  el_before_av_textblock  avia-builder-el-first '   itemprop=\"image\" itemscope=\"itemscope\" itemtype=\"https:\/\/schema.org\/ImageObject\" ><div class=\"avia-image-container-inner\"><div class=\"avia-image-overlay-wrap\"><img decoding=\"async\" fetchpriority=\"high\" class='wp-image-3071 avia-img-lazy-loading-not-3071 avia_image ' src=\"https:\/\/maailmanmuutos.org\/wp-content\/uploads\/2023\/08\/ETYK_1975-pikkukuva.jpg\" alt='' title='ETYK_1975-pikkukuva'  height=\"400\" width=\"495\"  itemprop=\"thumbnailUrl\" srcset=\"https:\/\/maailmanmuutos.org\/wp-content\/uploads\/2023\/08\/ETYK_1975-pikkukuva.jpg 495w, https:\/\/maailmanmuutos.org\/wp-content\/uploads\/2023\/08\/ETYK_1975-pikkukuva-120x97.jpg 120w\" sizes=\"(max-width: 495px) 100vw, 495px\" \/><\/div><\/div><\/div><br \/>\n<section  class='av_textblock_section av-limwhja3-cdec96093997045c16841f3bb705198b '   itemscope=\"itemscope\" itemtype=\"https:\/\/schema.org\/CreativeWork\" ><div class='avia_textblock'  itemprop=\"text\" ><p style=\"text-align: center;\"><a href=\"http:\/\/maailmanmuutos.org\/index.php\/toisesta-maailmansodasta-2000-luvulle\/euroopan-turvallisuuspoliittinen-kehitys-1990-luvulla\/etyk-prosessista-jarjestoksi\/\" target=\"_blank\" rel=\"noopener\">ETYK-prosessista j\u00e4rjest\u00f6ksi<\/a><\/p>\n<\/div><\/section><\/p><\/div>\n\n<style type=\"text\/css\" data-created_by=\"avia_inline_auto\" id=\"style-css-av-8p6wdg-e31cd89784c86f9d0ef17c30f346d79c\">\n.flex_column.av-8p6wdg-e31cd89784c86f9d0ef17c30f346d79c{\nborder-radius:0px 0px 0px 0px;\npadding:0px 0px 0px 0px;\n}\n<\/style>\n<div  class='flex_column av-8p6wdg-e31cd89784c86f9d0ef17c30f346d79c av_one_fourth  avia-builder-el-13  el_after_av_one_fourth  el_before_av_one_fourth  flex_column_div av-zero-column-padding  column-top-margin'     ><p>\n<style type=\"text\/css\" data-created_by=\"avia_inline_auto\" id=\"style-css-av-limwht6t-9b807169d91afa036e2b16d7d757dbe6\">\n.avia-image-container.av-limwht6t-9b807169d91afa036e2b16d7d757dbe6 img.avia_image{\nbox-shadow:none;\n}\n.avia-image-container.av-limwht6t-9b807169d91afa036e2b16d7d757dbe6 .av-image-caption-overlay-center{\ncolor:#ffffff;\n}\n<\/style>\n<div  class='avia-image-container av-limwht6t-9b807169d91afa036e2b16d7d757dbe6 av-styling- avia-align-center  avia-builder-el-14  el_before_av_textblock  avia-builder-el-first '   itemprop=\"image\" itemscope=\"itemscope\" itemtype=\"https:\/\/schema.org\/ImageObject\" ><div class=\"avia-image-container-inner\"><div class=\"avia-image-overlay-wrap\"><img decoding=\"async\" fetchpriority=\"high\" class='wp-image-3252 avia-img-lazy-loading-not-3252 avia_image ' src=\"https:\/\/maailmanmuutos.org\/wp-content\/uploads\/2023\/08\/naton-kehitys-1990-pikkukuva.jpg\" alt='' title='naton-kehitys-1990-pikkukuva'  height=\"400\" width=\"495\"  itemprop=\"thumbnailUrl\" srcset=\"https:\/\/maailmanmuutos.org\/wp-content\/uploads\/2023\/08\/naton-kehitys-1990-pikkukuva.jpg 495w, https:\/\/maailmanmuutos.org\/wp-content\/uploads\/2023\/08\/naton-kehitys-1990-pikkukuva-120x97.jpg 120w\" sizes=\"(max-width: 495px) 100vw, 495px\" \/><\/div><\/div><\/div><br \/>\n<section  class='av_textblock_section av-limwhja3-cdec96093997045c16841f3bb705198b '   itemscope=\"itemscope\" itemtype=\"https:\/\/schema.org\/CreativeWork\" ><div class='avia_textblock'  itemprop=\"text\" ><p style=\"text-align: center;\"><a href=\"http:\/\/maailmanmuutos.org\/index.php\/toisesta-maailmansodasta-2000-luvulle\/euroopan-turvallisuuspoliittinen-kehitys-1990-luvulla\/naton-kehitys-1990-luvulla\/\" target=\"_blank\" rel=\"noopener\">NATOn kehitys 1990-luvulla<\/a><\/p>\n<\/div><\/section><\/p><\/div>\n\n<style type=\"text\/css\" data-created_by=\"avia_inline_auto\" id=\"style-css-av-8p6wdg-18791ac5a6e259e3357a38ed9e0869ca\">\n.flex_column.av-8p6wdg-18791ac5a6e259e3357a38ed9e0869ca{\nborder-radius:0px 0px 0px 0px;\npadding:0px 0px 0px 0px;\n}\n<\/style>\n<div  class='flex_column av-8p6wdg-18791ac5a6e259e3357a38ed9e0869ca av_one_fourth  avia-builder-el-16  el_after_av_one_fourth  el_before_av_one_fourth  first flex_column_div av-zero-column-padding  column-top-margin'     ><p>\n<style type=\"text\/css\" data-created_by=\"avia_inline_auto\" id=\"style-css-av-limwht6t-026c5a7eec91b484bdfc25e1f169b1f4\">\n.avia-image-container.av-limwht6t-026c5a7eec91b484bdfc25e1f169b1f4 img.avia_image{\nbox-shadow:none;\n}\n.avia-image-container.av-limwht6t-026c5a7eec91b484bdfc25e1f169b1f4 .av-image-caption-overlay-center{\ncolor:#ffffff;\n}\n<\/style>\n<div  class='avia-image-container av-limwht6t-026c5a7eec91b484bdfc25e1f169b1f4 av-styling- avia-align-center  avia-builder-el-17  el_before_av_textblock  avia-builder-el-first '   itemprop=\"image\" itemscope=\"itemscope\" itemtype=\"https:\/\/schema.org\/ImageObject\" ><div class=\"avia-image-container-inner\"><div class=\"avia-image-overlay-wrap\"><img decoding=\"async\" fetchpriority=\"high\" class='wp-image-3292 avia-img-lazy-loading-not-3292 avia_image ' src=\"https:\/\/maailmanmuutos.org\/wp-content\/uploads\/2023\/08\/demokratia-pikkukuva.jpg\" alt='' title='demokratia-pikkukuva'  height=\"400\" width=\"495\"  itemprop=\"thumbnailUrl\" srcset=\"https:\/\/maailmanmuutos.org\/wp-content\/uploads\/2023\/08\/demokratia-pikkukuva.jpg 495w, https:\/\/maailmanmuutos.org\/wp-content\/uploads\/2023\/08\/demokratia-pikkukuva-120x97.jpg 120w\" sizes=\"(max-width: 495px) 100vw, 495px\" \/><\/div><\/div><\/div><br \/>\n<section  class='av_textblock_section av-limwhja3-cdec96093997045c16841f3bb705198b '   itemscope=\"itemscope\" itemtype=\"https:\/\/schema.org\/CreativeWork\" ><div class='avia_textblock'  itemprop=\"text\" ><p style=\"text-align: center;\"><a href=\"http:\/\/maailmanmuutos.org\/index.php\/toisesta-maailmansodasta-2000-luvulle\/euroopan-turvallisuuspoliittinen-kehitys-1990-luvulla\/itaisen-keski-euroopan-kehitys\/\" target=\"_blank\" rel=\"noopener\">It\u00e4isen Keski-Euroopan kehitys<\/a><\/p>\n<\/div><\/section><\/p><\/div>\n\n<style type=\"text\/css\" data-created_by=\"avia_inline_auto\" id=\"style-css-av-8p6wdg-e31cd89784c86f9d0ef17c30f346d79c\">\n.flex_column.av-8p6wdg-e31cd89784c86f9d0ef17c30f346d79c{\nborder-radius:0px 0px 0px 0px;\npadding:0px 0px 0px 0px;\n}\n<\/style>\n<div  class='flex_column av-8p6wdg-e31cd89784c86f9d0ef17c30f346d79c av_one_fourth  avia-builder-el-19  el_after_av_one_fourth  avia-builder-el-last  flex_column_div av-zero-column-padding  column-top-margin'     ><p>\n<style type=\"text\/css\" data-created_by=\"avia_inline_auto\" id=\"style-css-av-limwht6t-b27e6f6e9b8cebd31130f4d543bbc65b\">\n.avia-image-container.av-limwht6t-b27e6f6e9b8cebd31130f4d543bbc65b img.avia_image{\nbox-shadow:none;\n}\n.avia-image-container.av-limwht6t-b27e6f6e9b8cebd31130f4d543bbc65b .av-image-caption-overlay-center{\ncolor:#ffffff;\n}\n<\/style>\n<div  class='avia-image-container av-limwht6t-b27e6f6e9b8cebd31130f4d543bbc65b av-styling- avia-align-center  avia-builder-el-20  el_before_av_textblock  avia-builder-el-first '   itemprop=\"image\" itemscope=\"itemscope\" itemtype=\"https:\/\/schema.org\/ImageObject\" ><div class=\"avia-image-container-inner\"><div class=\"avia-image-overlay-wrap\"><img decoding=\"async\" fetchpriority=\"high\" class='wp-image-3159 avia-img-lazy-loading-not-3159 avia_image ' src=\"https:\/\/maailmanmuutos.org\/wp-content\/uploads\/2023\/08\/venajan-valtataistelu-1991-pikkukuva.jpg\" alt='' title='venajan-valtataistelu-1991-pikkukuva'  height=\"400\" width=\"495\"  itemprop=\"thumbnailUrl\" srcset=\"https:\/\/maailmanmuutos.org\/wp-content\/uploads\/2023\/08\/venajan-valtataistelu-1991-pikkukuva.jpg 495w, https:\/\/maailmanmuutos.org\/wp-content\/uploads\/2023\/08\/venajan-valtataistelu-1991-pikkukuva-120x97.jpg 120w\" sizes=\"(max-width: 495px) 100vw, 495px\" \/><\/div><\/div><\/div><br \/>\n<section  class='av_textblock_section av-limwhja3-cdec96093997045c16841f3bb705198b '   itemscope=\"itemscope\" itemtype=\"https:\/\/schema.org\/CreativeWork\" ><div class='avia_textblock'  itemprop=\"text\" ><p style=\"text-align: center;\"><a href=\"http:\/\/maailmanmuutos.org\/index.php\/toisesta-maailmansodasta-2000-luvulle\/euroopan-turvallisuuspoliittinen-kehitys-1990-luvulla\/venajan-ja-sen-lahialueiden-kehitys\/\" target=\"_blank\" rel=\"noopener\">Ven\u00e4j\u00e4n ja sen l\u00e4hialueiden kehitys<\/a><\/p>\n<\/div><\/section><\/p><\/div>\n","protected":false},"excerpt":{"rendered":"","protected":false},"author":1,"featured_media":0,"parent":600,"menu_order":2,"comment_status":"closed","ping_status":"closed","template":"","meta":{"footnotes":""},"class_list":["post-1077","page","type-page","status-publish","hentry"],"_links":{"self":[{"href":"https:\/\/maailmanmuutos.org\/index.php\/wp-json\/wp\/v2\/pages\/1077","targetHints":{"allow":["GET"]}}],"collection":[{"href":"https:\/\/maailmanmuutos.org\/index.php\/wp-json\/wp\/v2\/pages"}],"about":[{"href":"https:\/\/maailmanmuutos.org\/index.php\/wp-json\/wp\/v2\/types\/page"}],"author":[{"embeddable":true,"href":"https:\/\/maailmanmuutos.org\/index.php\/wp-json\/wp\/v2\/users\/1"}],"replies":[{"embeddable":true,"href":"https:\/\/maailmanmuutos.org\/index.php\/wp-json\/wp\/v2\/comments?post=1077"}],"version-history":[{"count":12,"href":"https:\/\/maailmanmuutos.org\/index.php\/wp-json\/wp\/v2\/pages\/1077\/revisions"}],"predecessor-version":[{"id":4206,"href":"https:\/\/maailmanmuutos.org\/index.php\/wp-json\/wp\/v2\/pages\/1077\/revisions\/4206"}],"up":[{"embeddable":true,"href":"https:\/\/maailmanmuutos.org\/index.php\/wp-json\/wp\/v2\/pages\/600"}],"wp:attachment":[{"href":"https:\/\/maailmanmuutos.org\/index.php\/wp-json\/wp\/v2\/media?parent=1077"}],"curies":[{"name":"wp","href":"https:\/\/api.w.org\/{rel}","templated":true}]}}