{"id":1488,"date":"2023-03-08T19:52:21","date_gmt":"2023-03-08T19:52:21","guid":{"rendered":"http:\/\/us.ylirotu.fi\/?page_id=1488"},"modified":"2023-08-15T12:26:55","modified_gmt":"2023-08-15T12:26:55","slug":"unionin-laajennuskysymys","status":"publish","type":"page","link":"https:\/\/maailmanmuutos.org\/index.php\/kylmasta-sodasta-2000-luvulle\/euroopan-kehitysnakymat\/euroopan-unionin-kehitys-2000-luvun-alussa\/unionin-laajennuskysymys\/","title":{"rendered":"Unionin laajennuskysymys\u00a0"},"content":{"rendered":"<div id='full_slider_1'  class='avia-fullwidth-slider main_color avia-shadow   avia-builder-el-0  el_before_av_one_full  avia-builder-el-first   container_wrap sidebar_right'  >\n<style type=\"text\/css\" data-created_by=\"avia_inline_auto\" id=\"style-css-av-kd4hz9nx-fb331aa0faaa9c578e2f07ccc45f5aa0\">\n#top #wrap_all .avia-slideshow .av-slideshow-caption.av-kd4hz9nx-fb331aa0faaa9c578e2f07ccc45f5aa0__0 .avia-caption-title{\nfont-size:22px;\n}\n#top .avia-slideshow .av-slideshow-caption.av-kd4hz9nx-fb331aa0faaa9c578e2f07ccc45f5aa0__0 .avia-caption-content{\nfont-size:14px;\n}\n#top .avia-slideshow .av-slideshow-caption.av-kd4hz9nx-fb331aa0faaa9c578e2f07ccc45f5aa0__0 .avia-caption-content p{\nfont-size:14px;\n}\n\n@media only screen and (min-width: 768px) and (max-width: 989px){ \n#top #wrap_all .avia-slideshow .av-slideshow-caption.av-kd4hz9nx-fb331aa0faaa9c578e2f07ccc45f5aa0__0 .avia-caption-title{\nfont-size:16px;\n}\n#top .avia-slideshow .av-slideshow-caption.av-kd4hz9nx-fb331aa0faaa9c578e2f07ccc45f5aa0__0 .avia-caption-content{\nfont-size:16px;\n}\n#top .avia-slideshow .av-slideshow-caption.av-kd4hz9nx-fb331aa0faaa9c578e2f07ccc45f5aa0__0 .avia-caption-content p{\nfont-size:16px;\n}\n}\n\n@media only screen and (min-width: 480px) and (max-width: 767px){ \n#top #wrap_all .avia-slideshow .av-slideshow-caption.av-kd4hz9nx-fb331aa0faaa9c578e2f07ccc45f5aa0__0 .avia-caption-title{\nfont-size:14px;\n}\n#top .avia-slideshow .av-slideshow-caption.av-kd4hz9nx-fb331aa0faaa9c578e2f07ccc45f5aa0__0 .avia-caption-content{\nfont-size:14px;\n}\n#top .avia-slideshow .av-slideshow-caption.av-kd4hz9nx-fb331aa0faaa9c578e2f07ccc45f5aa0__0 .avia-caption-content p{\nfont-size:14px;\n}\n}\n\n@media only screen and (max-width: 479px){ \n#top #wrap_all .avia-slideshow .av-slideshow-caption.av-kd4hz9nx-fb331aa0faaa9c578e2f07ccc45f5aa0__0 .avia-caption-title{\ndisplay:none;\n}\n#top .avia-slideshow .av-slideshow-caption.av-kd4hz9nx-fb331aa0faaa9c578e2f07ccc45f5aa0__0 .avia-caption-content{\ndisplay:none;\n}\n#top .avia-slideshow .av-slideshow-caption.av-kd4hz9nx-fb331aa0faaa9c578e2f07ccc45f5aa0__0 .avia-caption-content p{\ndisplay:none;\n}\n}\n<\/style>\n<div  class='avia-slideshow av-kd4hz9nx-fb331aa0faaa9c578e2f07ccc45f5aa0 avia-slideshow-featured av_slideshow_full avia-slide-slider av-slideshow-ui av-control-default av-slideshow-manual av-loop-once av-loop-manual-endless av-default-height-applied   avia-slideshow-1' data-slideshow-options=\"{&quot;animation&quot;:&quot;slide&quot;,&quot;autoplay&quot;:false,&quot;loop_autoplay&quot;:&quot;once&quot;,&quot;interval&quot;:5,&quot;loop_manual&quot;:&quot;manual-endless&quot;,&quot;autoplay_stopper&quot;:false,&quot;noNavigation&quot;:false,&quot;bg_slider&quot;:false,&quot;keep_padding&quot;:false,&quot;hoverpause&quot;:false,&quot;show_slide_delay&quot;:0}\"  itemprop=\"image\" itemscope=\"itemscope\" itemtype=\"https:\/\/schema.org\/ImageObject\" ><ul class='avia-slideshow-inner ' style='padding-bottom: 28.72411489646%;'><li  class='avia-slideshow-slide av-kd4hz9nx-fb331aa0faaa9c578e2f07ccc45f5aa0__0  av-single-slide slide-1 slide-odd'><div data-rel='slideshow-1' class='avia-slide-wrap '   ><img decoding=\"async\" fetchpriority=\"high\" class=\"wp-image-3404 avia-img-lazy-loading-not-3404\"  src=\"https:\/\/maailmanmuutos.org\/wp-content\/uploads\/2023\/08\/eu-laajeneminen.jpg\" width=\"1497\" height=\"430\" title='eu laajeneminen' alt=''  itemprop=\"thumbnailUrl\" srcset=\"https:\/\/maailmanmuutos.org\/wp-content\/uploads\/2023\/08\/eu-laajeneminen.jpg 1500w, https:\/\/maailmanmuutos.org\/wp-content\/uploads\/2023\/08\/eu-laajeneminen-800x230.jpg 800w, https:\/\/maailmanmuutos.org\/wp-content\/uploads\/2023\/08\/eu-laajeneminen-120x34.jpg 120w, https:\/\/maailmanmuutos.org\/wp-content\/uploads\/2023\/08\/eu-laajeneminen-768x221.jpg 768w, https:\/\/maailmanmuutos.org\/wp-content\/uploads\/2023\/08\/eu-laajeneminen-705x203.jpg 705w\" sizes=\"(max-width: 1497px) 100vw, 1497px\" \/><\/div><\/li><\/ul><\/div><\/div><div id='after_full_slider_1'  class='main_color av_default_container_wrap container_wrap sidebar_right'  ><div class='container av-section-cont-open' ><div class='template-page content  av-content-small alpha units'><div class='post-entry post-entry-type-page post-entry-1488'><div class='entry-content-wrapper clearfix'>\n\n<style type=\"text\/css\" data-created_by=\"avia_inline_auto\" id=\"style-css-av-5spn6-3d3e8ead61d02f87ad7c9f2fc625dc24\">\n.flex_column.av-5spn6-3d3e8ead61d02f87ad7c9f2fc625dc24{\nborder-radius:0px 0px 0px 0px;\npadding:0px 0px 0px 0px;\n}\n<\/style>\n<div  class='flex_column av-5spn6-3d3e8ead61d02f87ad7c9f2fc625dc24 av_one_full  avia-builder-el-1  el_after_av_slideshow_full  el_before_av_textblock  avia-builder-el-first  first flex_column_div av-zero-column-padding  '     ><p>\n<style type=\"text\/css\" data-created_by=\"avia_inline_auto\" id=\"style-css-av-1u6kr4-3c0181e0802a24727c156f36e60131fd\">\n#top .av-special-heading.av-1u6kr4-3c0181e0802a24727c156f36e60131fd{\npadding-bottom:10px;\n}\nbody .av-special-heading.av-1u6kr4-3c0181e0802a24727c156f36e60131fd .av-special-heading-tag .heading-char{\nfont-size:25px;\n}\n.av-special-heading.av-1u6kr4-3c0181e0802a24727c156f36e60131fd .av-subheading{\nfont-size:15px;\n}\n<\/style>\n<div  class='av-special-heading av-1u6kr4-3c0181e0802a24727c156f36e60131fd av-special-heading-h1  avia-builder-el-2  el_before_av_textblock  avia-builder-el-first '><h1 class='av-special-heading-tag'  itemprop=\"headline\"  >Unionin laajennuskysymys <\/h1><div class=\"special-heading-border\"><div class=\"special-heading-inner-border\"><\/div><\/div><\/div><br \/>\n<section  class='av_textblock_section av-lezr0od0-94e7bd8ef786eea3c9a8d27065495667 '   itemscope=\"itemscope\" itemtype=\"https:\/\/schema.org\/CreativeWork\" ><div class='avia_textblock'  itemprop=\"text\" ><p><em><strong>12 uutta j\u00e4senvaltiota<\/strong><\/em><\/p>\n<p>Ennen 2000-lukua Euroopan yhteis\u00f6n ja unionin laajennukset tapahtuivat v\u00e4hitt\u00e4in, joten uusien j\u00e4senmaiden sopeuttaminen yhteis\u00f6n s\u00e4\u00e4nt\u00f6ihin ja toimintakulttuuriin oli helppoa. Viimeksi vuonna 1995 Euroopan unioniin oli liittynyt kolme entist\u00e4 vapaakauppaliitto Eftan j\u00e4sent\u00e4: It\u00e4valta, Ruotsi ja Suomi. Ne olivat totutelleet Euroopan yhteis\u00f6n ja sittemmin unionin toimintaan jo 1970-luvulta alkaen vapaakauppasopimuksen puitteissa.<\/p>\n<p>Ennenn\u00e4kem\u00e4tt\u00f6m\u00e4n suuri laajennus tapahtui vuonna 2004, kun unioniin liittyi 10 uutta j\u00e4senmaata. N\u00e4ist\u00e4 suurimmat olivat entisi\u00e4 Varsovan liiton j\u00e4seni\u00e4 it\u00e4isest\u00e4 Keski-Euroopasta: Puola, Tshekin tasavalta, Slovakia ja Unkari. Muut olivat selv\u00e4sti pienempi\u00e4: kolme entist\u00e4 neuvostotasavaltaa Baltiasta (Viro, Latvia ja Liettua) sek\u00e4 V\u00e4limeren alueelta Slovenia, Malta ja Kypros. Vuonna 2007 j\u00e4seneksi otettiin viel\u00e4 Balkanilta Bulgaria ja Romania, vaikka useat EU-maat ep\u00e4iliv\u00e4t niiden kyky\u00e4 vastata j\u00e4senyysvelvoitteista.<\/p>\n<p><em><strong>Poliittisen kulttuurin erot<\/strong><\/em><\/p>\n<p>Suuren laajennuskierroksen tuomat uudet j\u00e4senmaat olivat kauttaaltaan k\u00f6yhempi\u00e4 ja yleens\u00e4 my\u00f6s pienempi\u00e4 kuin vanhat j\u00e4senet. Niiden \u201deurooppalaisuutta\u201d ei sin\u00e4ns\u00e4 kyseenalaistettu, mutta poliittinen kulttuuri poikkesi tuntuvasti \u201dperinteisest\u00e4\u201d l\u00e4nsieurooppalaisesta tavasta hoitaa yhteiskunnallisia asioita.<\/p>\n<p>Uusien j\u00e4senmaiden taloudellisen kehittym\u00e4tt\u00f6myyden vuoksi l\u00e4ntisess\u00e4 Euroopassa odotettiin maahanmuuttajien aaltoa id\u00e4st\u00e4, mutta toisaalta my\u00f6s tuotteille uusia markkinoita ja teollisuudelle edullisia sijoituspaikkoja matalapalkkaisille, verotustasoltaan alhaisille ja s\u00e4\u00e4d\u00f6ksilt\u00e4\u00e4n vapaamielisemmille ty\u00f6markkinoille. Jossain m\u00e4\u00e4rin n\u00e4m\u00e4 odotukset ja pelot my\u00f6s toteutuivat, vaikka edulliset taloussuhdanteet aluksi tasoittivat ongelmia. Pahiten it\u00e4laajennuksesta kokivat k\u00e4rsiv\u00e4ns\u00e4 l\u00e4nsieurooppalaiset matalapalkka-alojen ty\u00f6l\u00e4iset, jotka sitten vaaleissa protestoivat hallituksiaan vastaan.<\/p>\n<p><em><strong>Laajentumisprosessi hidastunut<\/strong><\/em><\/p>\n<p>Euroopan unionin uutta laajennuskierrosta on valmisteltu l\u00e4hinn\u00e4 Balkanin suunnalle, mutta siin\u00e4 ei haluta pit\u00e4\u00e4 kiirett\u00e4. Kroatialla on virallinen ja yleisesti tunnustettu \u00a0j\u00e4senkandidaatin asema. My\u00f6s Makedonia ja Montenegro on hyv\u00e4ksytty kandidaateiksi, mutta niiden suhteen on enemm\u00e4n varauksia. Lis\u00e4ksi Albanialle, Bosnia-Hertsegovinalle ja Serbialle on \u00a0my\u00f6nnetty viisumivapaus EU:n Schengen-alueelle ja muutenkin madallettu kaupan esteit\u00e4.<\/p>\n<p>Euroopan unionin laajentuminen l\u00e4nness\u00e4 olisi verraten helppoa, mutta hallitusten EU-my\u00f6nteisyydest\u00e4 huolimatta kansan\u00e4\u00e4nestykset ovat olleet kielteisi\u00e4 Norjassa ja Sveitsiss\u00e4. Islanti on my\u00f6s hakenut unionin j\u00e4senyytt\u00e4, vaikka maan kansalaiset suhtautuvat asiaan ep\u00e4luulolla. Uudeksi ongelmaksi on noussut euro-alueen talouskriisi, joka on k\u00e4\u00e4nt\u00e4nyt l\u00e4nness\u00e4 kansalaismielipidett\u00e4 entist\u00e4 vastahakoisemmaksi EU-j\u00e4senyydelle. K\u00e4yt\u00e4nn\u00f6ss\u00e4 Norja, Islanti ja Sveitsi ovat jo l\u00e4heisiss\u00e4 taloussuhteissa EU:n kanssa vapaakauppasopimuksien puitteissa. Lis\u00e4ksi Sveitsi ja Norja kuuluvat my\u00f6s EU:n passivapausalueeseen liitytty\u00e4\u00e4n Schengen-sopimukseen.<\/p>\n<p><em><strong>EU:n it\u00e4rajan ongelmat<\/strong><\/em><\/p>\n<p>Euroopan unionin suhteet entisen Neuvostoliiton alueen valtioihin ovat selv\u00e4sti hankalampi kysymys. Tarve helpottaa yhteyksi\u00e4 unionin it\u00e4rajan yli on yleisesti tunnustettu, mutta kest\u00e4vi\u00e4 ratkaisumalleja ei ole pystytty kehitt\u00e4m\u00e4\u00e4n. EU:n suhteet Ven\u00e4j\u00e4\u00e4n, Valko-Ven\u00e4j\u00e4\u00e4n ja Ukrainaan on j\u00e4rjestetty erillisill\u00e4 kumppanuussopimuksilla, mutta niiden toimivuuteen ei olla kovin tyytyv\u00e4isi\u00e4. EU-j\u00e4senyyden ulottaminen Valko-Ven\u00e4j\u00e4lle, Moldovaan tai Ukrainaan on ollut esill\u00e4 eri yhteyksiss\u00e4, mutta k\u00e4yt\u00e4nn\u00f6ss\u00e4 n\u00e4m\u00e4 hankkeet ovat parin viime vuoden aikana hiljentyneet. EU:n it\u00e4raja muodostaa Eurooppaan selv\u00e4n jakolinjan, vaikka sen jyrkkyytt\u00e4 ja pysyvyytt\u00e4 ei mielell\u00e4\u00e4n EU:n piiriss\u00e4 virallisesti tunnusteta.<\/p>\n<p><em><strong>Onko Turkki Eurooppaa?<\/strong><\/em><\/p>\n<p>EU:n laajennushankkeiden suurin ongelma on lopulta suhtautuminen Turkkiin. Se on hyv\u00e4ksytty jo kauan sitten j\u00e4senkandidaatiksi, mutta EU:n sis\u00e4ll\u00e4 esiintyy jyrkk\u00e4\u00e4 vastustusta j\u00e4senyyden kiirehtimiseksi. Vastaavasti my\u00f6s Turkissa on laajaa vastarintaa EU-j\u00e4senyytt\u00e4 kohtaan, sill\u00e4 vain osa turkkilaisista tuntee itsens\u00e4 \u201dl\u00e4nsimaalaisiksi\u201d. Turkilla on suuren kokonsa sek\u00e4 Aasiaan painottuvan asemansa ja monien it\u00e4isten intressiens\u00e4 vuoksi erityisasema Euroopan unioniin n\u00e4hden. Voidaan siis varautua siihen, ett\u00e4 Turkin suhteet Euroopan unioniin l\u00e4hentyv\u00e4t monin tavoin, mutta t\u00e4ysj\u00e4senyydelle ei puolin eik\u00e4 toisin synny \u00a0riitt\u00e4v\u00e4\u00e4 yksimielisyytt\u00e4.<\/p>\n<\/div><\/section><\/p><\/div>\n<section  class='av_textblock_section av-llca2zfz-565508785562fbe6f3eb2ca7f85f8868 '   itemscope=\"itemscope\" itemtype=\"https:\/\/schema.org\/CreativeWork\" ><div class='avia_textblock'  itemprop=\"text\" ><p>Kuva: <a class=\"extiw\" title=\"flickruser:24401970@N03\" href=\"https:\/\/www.flickr.com\/people\/24401970@N03\">\u0160ar\u016bnas Burdulis<\/a> \/ Wikimedia<\/p>\n<\/div><\/section>\n","protected":false},"excerpt":{"rendered":"","protected":false},"author":1,"featured_media":0,"parent":1475,"menu_order":3,"comment_status":"closed","ping_status":"closed","template":"","meta":{"footnotes":""},"class_list":["post-1488","page","type-page","status-publish","hentry"],"_links":{"self":[{"href":"https:\/\/maailmanmuutos.org\/index.php\/wp-json\/wp\/v2\/pages\/1488","targetHints":{"allow":["GET"]}}],"collection":[{"href":"https:\/\/maailmanmuutos.org\/index.php\/wp-json\/wp\/v2\/pages"}],"about":[{"href":"https:\/\/maailmanmuutos.org\/index.php\/wp-json\/wp\/v2\/types\/page"}],"author":[{"embeddable":true,"href":"https:\/\/maailmanmuutos.org\/index.php\/wp-json\/wp\/v2\/users\/1"}],"replies":[{"embeddable":true,"href":"https:\/\/maailmanmuutos.org\/index.php\/wp-json\/wp\/v2\/comments?post=1488"}],"version-history":[{"count":5,"href":"https:\/\/maailmanmuutos.org\/index.php\/wp-json\/wp\/v2\/pages\/1488\/revisions"}],"predecessor-version":[{"id":3403,"href":"https:\/\/maailmanmuutos.org\/index.php\/wp-json\/wp\/v2\/pages\/1488\/revisions\/3403"}],"up":[{"embeddable":true,"href":"https:\/\/maailmanmuutos.org\/index.php\/wp-json\/wp\/v2\/pages\/1475"}],"wp:attachment":[{"href":"https:\/\/maailmanmuutos.org\/index.php\/wp-json\/wp\/v2\/media?parent=1488"}],"curies":[{"name":"wp","href":"https:\/\/api.w.org\/{rel}","templated":true}]}}