{"id":1614,"date":"2023-03-08T20:19:18","date_gmt":"2023-03-08T20:19:18","guid":{"rendered":"http:\/\/us.ylirotu.fi\/?page_id=1614"},"modified":"2023-08-14T14:52:29","modified_gmt":"2023-08-14T14:52:29","slug":"valko-venaja-ja-moldova","status":"publish","type":"page","link":"https:\/\/maailmanmuutos.org\/index.php\/kylmasta-sodasta-2000-luvulle\/euroopan-kehitysnakymat\/venajan-ja-muun-ita-euroopan-kehitysnakymat\/valko-venaja-ja-moldova\/","title":{"rendered":"Valko-Ven\u00e4j\u00e4\u00a0ja\u00a0Moldova\u00a0"},"content":{"rendered":"<div id='full_slider_1'  class='avia-fullwidth-slider main_color avia-shadow   avia-builder-el-0  el_before_av_one_full  avia-builder-el-first   container_wrap sidebar_right'  >\n<style type=\"text\/css\" data-created_by=\"avia_inline_auto\" id=\"style-css-av-kd4hz9nx-fb331aa0faaa9c578e2f07ccc45f5aa0\">\n#top #wrap_all .avia-slideshow .av-slideshow-caption.av-kd4hz9nx-fb331aa0faaa9c578e2f07ccc45f5aa0__0 .avia-caption-title{\nfont-size:22px;\n}\n#top .avia-slideshow .av-slideshow-caption.av-kd4hz9nx-fb331aa0faaa9c578e2f07ccc45f5aa0__0 .avia-caption-content{\nfont-size:14px;\n}\n#top .avia-slideshow .av-slideshow-caption.av-kd4hz9nx-fb331aa0faaa9c578e2f07ccc45f5aa0__0 .avia-caption-content p{\nfont-size:14px;\n}\n\n@media only screen and (min-width: 768px) and (max-width: 989px){ \n#top #wrap_all .avia-slideshow .av-slideshow-caption.av-kd4hz9nx-fb331aa0faaa9c578e2f07ccc45f5aa0__0 .avia-caption-title{\nfont-size:16px;\n}\n#top .avia-slideshow .av-slideshow-caption.av-kd4hz9nx-fb331aa0faaa9c578e2f07ccc45f5aa0__0 .avia-caption-content{\nfont-size:16px;\n}\n#top .avia-slideshow .av-slideshow-caption.av-kd4hz9nx-fb331aa0faaa9c578e2f07ccc45f5aa0__0 .avia-caption-content p{\nfont-size:16px;\n}\n}\n\n@media only screen and (min-width: 480px) and (max-width: 767px){ \n#top #wrap_all .avia-slideshow .av-slideshow-caption.av-kd4hz9nx-fb331aa0faaa9c578e2f07ccc45f5aa0__0 .avia-caption-title{\nfont-size:14px;\n}\n#top .avia-slideshow .av-slideshow-caption.av-kd4hz9nx-fb331aa0faaa9c578e2f07ccc45f5aa0__0 .avia-caption-content{\nfont-size:14px;\n}\n#top .avia-slideshow .av-slideshow-caption.av-kd4hz9nx-fb331aa0faaa9c578e2f07ccc45f5aa0__0 .avia-caption-content p{\nfont-size:14px;\n}\n}\n\n@media only screen and (max-width: 479px){ \n#top #wrap_all .avia-slideshow .av-slideshow-caption.av-kd4hz9nx-fb331aa0faaa9c578e2f07ccc45f5aa0__0 .avia-caption-title{\ndisplay:none;\n}\n#top .avia-slideshow .av-slideshow-caption.av-kd4hz9nx-fb331aa0faaa9c578e2f07ccc45f5aa0__0 .avia-caption-content{\ndisplay:none;\n}\n#top .avia-slideshow .av-slideshow-caption.av-kd4hz9nx-fb331aa0faaa9c578e2f07ccc45f5aa0__0 .avia-caption-content p{\ndisplay:none;\n}\n}\n<\/style>\n<div  class='avia-slideshow av-kd4hz9nx-fb331aa0faaa9c578e2f07ccc45f5aa0 avia-slideshow-featured av_slideshow_full avia-slide-slider av-slideshow-ui av-control-default av-slideshow-manual av-loop-once av-loop-manual-endless av-default-height-applied   avia-slideshow-1' data-slideshow-options=\"{&quot;animation&quot;:&quot;slide&quot;,&quot;autoplay&quot;:false,&quot;loop_autoplay&quot;:&quot;once&quot;,&quot;interval&quot;:5,&quot;loop_manual&quot;:&quot;manual-endless&quot;,&quot;autoplay_stopper&quot;:false,&quot;noNavigation&quot;:false,&quot;bg_slider&quot;:false,&quot;keep_padding&quot;:false,&quot;hoverpause&quot;:false,&quot;show_slide_delay&quot;:0}\"  itemprop=\"image\" itemscope=\"itemscope\" itemtype=\"https:\/\/schema.org\/ImageObject\" ><ul class='avia-slideshow-inner ' style='padding-bottom: 28.72411489646%;'><li  class='avia-slideshow-slide av-kd4hz9nx-fb331aa0faaa9c578e2f07ccc45f5aa0__0  av-single-slide slide-1 slide-odd'><div data-rel='slideshow-1' class='avia-slide-wrap '   ><img decoding=\"async\" fetchpriority=\"high\" class=\"wp-image-3234 avia-img-lazy-loading-not-3234\"  src=\"https:\/\/maailmanmuutos.org\/wp-content\/uploads\/2023\/08\/lukashenko.jpg\" width=\"1497\" height=\"430\" title='kuvituskuvat' alt=''  itemprop=\"thumbnailUrl\" srcset=\"https:\/\/maailmanmuutos.org\/wp-content\/uploads\/2023\/08\/lukashenko.jpg 1500w, https:\/\/maailmanmuutos.org\/wp-content\/uploads\/2023\/08\/lukashenko-800x230.jpg 800w, https:\/\/maailmanmuutos.org\/wp-content\/uploads\/2023\/08\/lukashenko-120x34.jpg 120w, https:\/\/maailmanmuutos.org\/wp-content\/uploads\/2023\/08\/lukashenko-768x221.jpg 768w, https:\/\/maailmanmuutos.org\/wp-content\/uploads\/2023\/08\/lukashenko-705x203.jpg 705w\" sizes=\"(max-width: 1497px) 100vw, 1497px\" \/><\/div><\/li><\/ul><\/div><\/div><div id='after_full_slider_1'  class='main_color av_default_container_wrap container_wrap sidebar_right'  ><div class='container av-section-cont-open' ><div class='template-page content  av-content-small alpha units'><div class='post-entry post-entry-type-page post-entry-1614'><div class='entry-content-wrapper clearfix'>\n\n<style type=\"text\/css\" data-created_by=\"avia_inline_auto\" id=\"style-css-av-5spn6-3d3e8ead61d02f87ad7c9f2fc625dc24\">\n.flex_column.av-5spn6-3d3e8ead61d02f87ad7c9f2fc625dc24{\nborder-radius:0px 0px 0px 0px;\npadding:0px 0px 0px 0px;\n}\n<\/style>\n<div  class='flex_column av-5spn6-3d3e8ead61d02f87ad7c9f2fc625dc24 av_one_full  avia-builder-el-1  el_after_av_slideshow_full  avia-builder-el-no-sibling  first flex_column_div av-zero-column-padding  '     ><p>\n<style type=\"text\/css\" data-created_by=\"avia_inline_auto\" id=\"style-css-av-22x80e-9682625b9a3d934e84b5ac102649f86e\">\n#top .av-special-heading.av-22x80e-9682625b9a3d934e84b5ac102649f86e{\npadding-bottom:10px;\n}\nbody .av-special-heading.av-22x80e-9682625b9a3d934e84b5ac102649f86e .av-special-heading-tag .heading-char{\nfont-size:25px;\n}\n.av-special-heading.av-22x80e-9682625b9a3d934e84b5ac102649f86e .av-subheading{\nfont-size:15px;\n}\n<\/style>\n<div  class='av-special-heading av-22x80e-9682625b9a3d934e84b5ac102649f86e av-special-heading-h1  avia-builder-el-2  el_before_av_textblock  avia-builder-el-first '><h1 class='av-special-heading-tag'  itemprop=\"headline\"  >Valko-Ven\u00e4j\u00e4 ja Moldova <\/h1><div class=\"special-heading-border\"><div class=\"special-heading-inner-border\"><\/div><\/div><\/div><br \/>\n<section  class='av_textblock_section av-lezr0od0-94e7bd8ef786eea3c9a8d27065495667 '   itemscope=\"itemscope\" itemtype=\"https:\/\/schema.org\/CreativeWork\" ><div class='avia_textblock'  itemprop=\"text\" ><p><em><strong>V\u00e4liinputoajia<\/strong><\/em><\/p>\n<p>Euroopan unionin ja Ven\u00e4j\u00e4n v\u00e4lialueilla sijaitsevat entiset neuvostotasavallat Valko-Ven\u00e4j\u00e4 ja Moldova ovat monessakin mieless\u00e4 j\u00e4\u00e4neet v\u00e4liinputoajan asemaan. Niiden talous on ollut verraten kehittym\u00e4t\u00f6nt\u00e4 ja vahvasti sidoksissa naapurimaihinsa, mutta poliittiset mullistukset ovat vakavasti h\u00e4irinneet talouden ja yhteiskunnan kehittymist\u00e4. My\u00f6s suhteet Euroopan unioniin ovat olleet ajoittain pahoissa vaikeuksissa.<\/p>\n<p><em><strong>Valko-Ven\u00e4j\u00e4<\/strong><\/em><\/p>\n<p>Valko-Ven\u00e4j\u00e4ll\u00e4 on pitk\u00e4t historialliset, etniset ja taloudelliset siteet Moskovasta johdettuun Iso-Ven\u00e4j\u00e4\u00e4n eli nykyiseen Ven\u00e4j\u00e4n federaatioon, mutta toisaalta se on ollut l\u00e4heisesti sidoksissa my\u00f6s Liettuaan ja Puolaan. Valko-Ven\u00e4j\u00e4n itsen\u00e4istyess\u00e4 Neuvostoliiton hajotessa oli aluksi vallalla selke\u00e4sti kansallismielinen suuntaus, mutta pian Ven\u00e4j\u00e4- suhteita ja my\u00f6s Neuvostoliiton perint\u00f6\u00e4 korostavat piirteet p\u00e4\u00e4siv\u00e4t politiikassa ja taloudessa vallalle.<\/p>\n<p>Aleksandr Lukashenka valittiin ensi kerran presidentiksi vuonna 1994 ja viimeksi syksyll\u00e4 2010. H\u00e4nt\u00e4 on syytetty itsevaltiaista otteista ja nimitetty diktaattoriksi, koska opposition toiminta on tukahdutettu kovin ottein. Toisaalta h\u00e4n on nauttinut selv\u00e4sti kansan enemmist\u00f6n suosiota.<\/p>\n<p><em><strong>Vaikea Ven\u00e4j\u00e4-suhde<\/strong><\/em><\/p>\n<p>Valko-Ven\u00e4j\u00e4n ja Ven\u00e4j\u00e4n v\u00e4lill\u00e4 on useaan kertaan tehty sopimuksia talous- ja valtioliitosta, mutta k\u00e4yt\u00e4nn\u00f6ss\u00e4 j\u00e4rjestelyt eiv\u00e4t ole toimineet kovinkaan hyvin. Ajoittain on syntynyt ankaraa \u00a0riitaa Ven\u00e4j\u00e4lt\u00e4 toimitettavan energian hinnasta, mutta Valko-Ven\u00e4j\u00e4n mittava kulkuneuvoteollisuus on tarjonnut vastakauppoihin hyvi\u00e4 vientituotteita \u00a0ja luonut pohjaa talouskasvulle. Maiden asevoimien v\u00e4linen yhteisty\u00f6 on toiminut yleens\u00e4 hyvin.<\/p>\n<p><em><strong>Kire\u00e4t EU-suhteet<\/strong><\/em><\/p>\n<p>Euroopan unionin kanssa Valko-Ven\u00e4j\u00e4 solmi kumppanuussopimuksen vuonna 2009, ja sen toteutus l\u00e4hti aluksi verraten hyvin k\u00e4yntiin. Syksyll\u00e4 2010 toimitettujen presidentinvaalien j\u00e4lkitilanteessa voittajaksi julistettu Lukashenka vangitutti opposition edustajia \u00a0ja antoi poliisin pahoinpidell\u00e4 mielenosoittajia, mist\u00e4 syyst\u00e4 suhteet l\u00e4nsimaihin ja vaalitarkkailusta huolehtineeseen Ety-j\u00e4rjest\u00f6\u00f6n j\u00e4lleen kiristyiv\u00e4t.<\/p>\n<p><em><strong>Moldova<\/strong><\/em><\/p>\n<p>Romanian ja Ukrainan v\u00e4liss\u00e4 sijaitseva Moldova itsen\u00e4istyi Neuvostoliiton hajotessa vuoden 1991 lopulla. V\u00e4est\u00f6n p\u00e4\u00e4osa on etnisesti romanialaisia, mutta liittyminen Romaniaan ei ole saanut v\u00e4est\u00f6n p\u00e4\u00e4osan kannatusta. Moldavian neuvostotasavaltaan kuulunut Dnjestr-joen it\u00e4puolinen alue on ollut erossa Moldovasta heti itsen\u00e4istymisen j\u00e4lkeen vuonna 1992 alkaneista taisteluista l\u00e4htien. T\u00e4ll\u00e4 Transnistriaksi kutsutulla alueella on ollut tukenaan ven\u00e4l\u00e4inen sotilasosasto.<\/p>\n<p><em><strong>Sis\u00e4politiikka rikkin\u00e4ist\u00e4<\/strong><\/em><\/p>\n<p>Muista entisist\u00e4 neuvostotasavalloista poiketen kommunistit ovat Moldovassa olleet suurimman puolueen asemassa pitki\u00e4 jaksoja. Parlamenttivaaleissa kes\u00e4ll\u00e4 2009 kommunistipuolue sai puolet annetuista \u00e4\u00e4nist\u00e4. Sis\u00e4politiikka on viime vuosinakin ollut rikkin\u00e4ist\u00e4 vaalien seuratessa toisiaan, eiv\u00e4tk\u00e4 hallitukset ole olleet pitk\u00e4ik\u00e4isi\u00e4. Talousvaikeudet ovat kroonisia, ja v\u00e4est\u00f6n elintaso on pysynyt matalalla, mist\u00e4 syyst\u00e4 monet ovat l\u00e4hteneet ty\u00f6nhakuun ulkomaille. Er\u00e4iden arvioiden mukaan jopa nelj\u00e4sosa maan nelj\u00e4st\u00e4 miljoonasta asukkaasta asuu ulkomailla.<\/p>\n<p><em><strong>Ulkopuolista tukea<\/strong><\/em><\/p>\n<p>Sek\u00e4 Ven\u00e4j\u00e4 ett\u00e4 Kiina ovat viime aikoina avustaneet Moldovaa budjetin rahoitusvajeiden paikkaamisessa, ja my\u00f6s l\u00e4ntiset rahoituslaitokset ovat tukeneet maan taloutta. Euroopan unionilla on ollut vaikeuksia m\u00e4\u00e4ritt\u00e4\u00e4 selke\u00e4\u00e4 kantaa Moldovaan, mutta sielt\u00e4 tapahtuvaan ihmisten salakuljetukseen unioni on pyrkinyt puuttumaan.<\/p>\n<p>Moldovan aseman vakinaistaminen, poliittisen tilanteen vakauttaminen ja hallinnon j\u00e4rjestely ovat yh\u00e4 20 vuotta kylm\u00e4n sodan p\u00e4\u00e4ttymisen j\u00e4lkeen ratkaisuaan odottavia kysymyksi\u00e4. Nykyisell\u00e4\u00e4n Moldova on jatkuvien sis\u00e4poliittisten kamppailujen, korruption vaivaaman heikon taloudenpidon ja rehottavan rikollisuuden tyyssija.<\/p>\n<\/div><\/section><\/p><\/div>\n","protected":false},"excerpt":{"rendered":"","protected":false},"author":1,"featured_media":0,"parent":1559,"menu_order":6,"comment_status":"closed","ping_status":"closed","template":"","meta":{"footnotes":""},"class_list":["post-1614","page","type-page","status-publish","hentry"],"_links":{"self":[{"href":"https:\/\/maailmanmuutos.org\/index.php\/wp-json\/wp\/v2\/pages\/1614","targetHints":{"allow":["GET"]}}],"collection":[{"href":"https:\/\/maailmanmuutos.org\/index.php\/wp-json\/wp\/v2\/pages"}],"about":[{"href":"https:\/\/maailmanmuutos.org\/index.php\/wp-json\/wp\/v2\/types\/page"}],"author":[{"embeddable":true,"href":"https:\/\/maailmanmuutos.org\/index.php\/wp-json\/wp\/v2\/users\/1"}],"replies":[{"embeddable":true,"href":"https:\/\/maailmanmuutos.org\/index.php\/wp-json\/wp\/v2\/comments?post=1614"}],"version-history":[{"count":5,"href":"https:\/\/maailmanmuutos.org\/index.php\/wp-json\/wp\/v2\/pages\/1614\/revisions"}],"predecessor-version":[{"id":3233,"href":"https:\/\/maailmanmuutos.org\/index.php\/wp-json\/wp\/v2\/pages\/1614\/revisions\/3233"}],"up":[{"embeddable":true,"href":"https:\/\/maailmanmuutos.org\/index.php\/wp-json\/wp\/v2\/pages\/1559"}],"wp:attachment":[{"href":"https:\/\/maailmanmuutos.org\/index.php\/wp-json\/wp\/v2\/media?parent=1614"}],"curies":[{"name":"wp","href":"https:\/\/api.w.org\/{rel}","templated":true}]}}