{"id":1898,"date":"2023-03-08T21:19:15","date_gmt":"2023-03-08T21:19:15","guid":{"rendered":"http:\/\/us.ylirotu.fi\/index.php\/suomi\/suomi-muutoksen-maailmassa\/suomen-eu-politiikka-2000-luvun-alussa\/suomi-eun-puheenjohtajamaana-vuonna-1999-5\/"},"modified":"2023-08-15T22:20:30","modified_gmt":"2023-08-15T22:20:30","slug":"suomen-tavoitteet-euroopan-unionissa","status":"publish","type":"page","link":"https:\/\/maailmanmuutos.org\/index.php\/suomi\/suomi-muutoksen-maailmassa\/suomen-eu-politiikka-2000-luvun-alussa\/suomen-tavoitteet-euroopan-unionissa\/","title":{"rendered":"Suomen tavoitteet Euroopan unionissa\u00a0"},"content":{"rendered":"<div id='full_slider_1'  class='avia-fullwidth-slider main_color avia-shadow   avia-builder-el-0  el_before_av_one_full  avia-builder-el-first   container_wrap sidebar_right'  >\n<style type=\"text\/css\" data-created_by=\"avia_inline_auto\" id=\"style-css-av-kd4hz9nx-fb331aa0faaa9c578e2f07ccc45f5aa0\">\n#top #wrap_all .avia-slideshow .av-slideshow-caption.av-kd4hz9nx-fb331aa0faaa9c578e2f07ccc45f5aa0__0 .avia-caption-title{\nfont-size:22px;\n}\n#top .avia-slideshow .av-slideshow-caption.av-kd4hz9nx-fb331aa0faaa9c578e2f07ccc45f5aa0__0 .avia-caption-content{\nfont-size:14px;\n}\n#top .avia-slideshow .av-slideshow-caption.av-kd4hz9nx-fb331aa0faaa9c578e2f07ccc45f5aa0__0 .avia-caption-content p{\nfont-size:14px;\n}\n\n@media only screen and (min-width: 768px) and (max-width: 989px){ \n#top #wrap_all .avia-slideshow .av-slideshow-caption.av-kd4hz9nx-fb331aa0faaa9c578e2f07ccc45f5aa0__0 .avia-caption-title{\nfont-size:16px;\n}\n#top .avia-slideshow .av-slideshow-caption.av-kd4hz9nx-fb331aa0faaa9c578e2f07ccc45f5aa0__0 .avia-caption-content{\nfont-size:16px;\n}\n#top .avia-slideshow .av-slideshow-caption.av-kd4hz9nx-fb331aa0faaa9c578e2f07ccc45f5aa0__0 .avia-caption-content p{\nfont-size:16px;\n}\n}\n\n@media only screen and (min-width: 480px) and (max-width: 767px){ \n#top #wrap_all .avia-slideshow .av-slideshow-caption.av-kd4hz9nx-fb331aa0faaa9c578e2f07ccc45f5aa0__0 .avia-caption-title{\nfont-size:14px;\n}\n#top .avia-slideshow .av-slideshow-caption.av-kd4hz9nx-fb331aa0faaa9c578e2f07ccc45f5aa0__0 .avia-caption-content{\nfont-size:14px;\n}\n#top .avia-slideshow .av-slideshow-caption.av-kd4hz9nx-fb331aa0faaa9c578e2f07ccc45f5aa0__0 .avia-caption-content p{\nfont-size:14px;\n}\n}\n\n@media only screen and (max-width: 479px){ \n#top #wrap_all .avia-slideshow .av-slideshow-caption.av-kd4hz9nx-fb331aa0faaa9c578e2f07ccc45f5aa0__0 .avia-caption-title{\ndisplay:none;\n}\n#top .avia-slideshow .av-slideshow-caption.av-kd4hz9nx-fb331aa0faaa9c578e2f07ccc45f5aa0__0 .avia-caption-content{\ndisplay:none;\n}\n#top .avia-slideshow .av-slideshow-caption.av-kd4hz9nx-fb331aa0faaa9c578e2f07ccc45f5aa0__0 .avia-caption-content p{\ndisplay:none;\n}\n}\n<\/style>\n<div  class='avia-slideshow av-kd4hz9nx-fb331aa0faaa9c578e2f07ccc45f5aa0 avia-slideshow-featured av_slideshow_full avia-slide-slider av-slideshow-ui av-control-default av-slideshow-manual av-loop-once av-loop-manual-endless av-default-height-applied   avia-slideshow-1' data-slideshow-options=\"{&quot;animation&quot;:&quot;slide&quot;,&quot;autoplay&quot;:false,&quot;loop_autoplay&quot;:&quot;once&quot;,&quot;interval&quot;:5,&quot;loop_manual&quot;:&quot;manual-endless&quot;,&quot;autoplay_stopper&quot;:false,&quot;noNavigation&quot;:false,&quot;bg_slider&quot;:false,&quot;keep_padding&quot;:false,&quot;hoverpause&quot;:false,&quot;show_slide_delay&quot;:0}\"  itemprop=\"image\" itemscope=\"itemscope\" itemtype=\"https:\/\/schema.org\/ImageObject\" ><ul class='avia-slideshow-inner ' style='padding-bottom: 28.72411489646%;'><li  class='avia-slideshow-slide av-kd4hz9nx-fb331aa0faaa9c578e2f07ccc45f5aa0__0  av-single-slide slide-1 slide-odd'><div data-rel='slideshow-1' class='avia-slide-wrap '   ><img decoding=\"async\" fetchpriority=\"high\" class=\"wp-image-2827 avia-img-lazy-loading-not-2827\"  src=\"https:\/\/maailmanmuutos.org\/wp-content\/uploads\/2023\/08\/euroopan-keskuspankki-vanha.jpg\" width=\"1497\" height=\"430\" title='kuvituskuvat' alt=''  itemprop=\"thumbnailUrl\" srcset=\"https:\/\/maailmanmuutos.org\/wp-content\/uploads\/2023\/08\/euroopan-keskuspankki-vanha.jpg 1500w, https:\/\/maailmanmuutos.org\/wp-content\/uploads\/2023\/08\/euroopan-keskuspankki-vanha-800x230.jpg 800w, https:\/\/maailmanmuutos.org\/wp-content\/uploads\/2023\/08\/euroopan-keskuspankki-vanha-120x34.jpg 120w, https:\/\/maailmanmuutos.org\/wp-content\/uploads\/2023\/08\/euroopan-keskuspankki-vanha-768x221.jpg 768w, https:\/\/maailmanmuutos.org\/wp-content\/uploads\/2023\/08\/euroopan-keskuspankki-vanha-705x203.jpg 705w\" sizes=\"(max-width: 1497px) 100vw, 1497px\" \/><\/div><\/li><\/ul><\/div><\/div><div id='after_full_slider_1'  class='main_color av_default_container_wrap container_wrap sidebar_right'  ><div class='container av-section-cont-open' ><div class='template-page content  av-content-small alpha units'><div class='post-entry post-entry-type-page post-entry-1898'><div class='entry-content-wrapper clearfix'>\n\n<style type=\"text\/css\" data-created_by=\"avia_inline_auto\" id=\"style-css-av-5spn6-3d3e8ead61d02f87ad7c9f2fc625dc24\">\n.flex_column.av-5spn6-3d3e8ead61d02f87ad7c9f2fc625dc24{\nborder-radius:0px 0px 0px 0px;\npadding:0px 0px 0px 0px;\n}\n<\/style>\n<div  class='flex_column av-5spn6-3d3e8ead61d02f87ad7c9f2fc625dc24 av_one_full  avia-builder-el-1  el_after_av_slideshow_full  avia-builder-el-no-sibling  first flex_column_div av-zero-column-padding  '     ><p>\n<style type=\"text\/css\" data-created_by=\"avia_inline_auto\" id=\"style-css-av-2uu12i-80152e363f08b197f61da8218e3a1815\">\n#top .av-special-heading.av-2uu12i-80152e363f08b197f61da8218e3a1815{\npadding-bottom:10px;\n}\nbody .av-special-heading.av-2uu12i-80152e363f08b197f61da8218e3a1815 .av-special-heading-tag .heading-char{\nfont-size:25px;\n}\n.av-special-heading.av-2uu12i-80152e363f08b197f61da8218e3a1815 .av-subheading{\nfont-size:15px;\n}\n<\/style>\n<div  class='av-special-heading av-2uu12i-80152e363f08b197f61da8218e3a1815 av-special-heading-h1  avia-builder-el-2  el_before_av_hr  avia-builder-el-first '><h1 class='av-special-heading-tag'  itemprop=\"headline\"  >Suomen tavoitteet Euroopan unionissa <\/h1><div class=\"special-heading-border\"><div class=\"special-heading-inner-border\"><\/div><\/div><\/div><br \/>\n\n<style type=\"text\/css\" data-created_by=\"avia_inline_auto\" id=\"style-css-av-llcv8b0q-15fccc415602d9ea4d7a06b2e8ff77b1\">\n#top .hr.hr-invisible.av-llcv8b0q-15fccc415602d9ea4d7a06b2e8ff77b1{\nheight:50px;\n}\n<\/style>\n<div  class='hr av-llcv8b0q-15fccc415602d9ea4d7a06b2e8ff77b1 hr-invisible  avia-builder-el-3  el_after_av_heading  el_before_av_textblock '><span class='hr-inner '><span class=\"hr-inner-style\"><\/span><\/span><\/div><br \/>\n<section  class='av_textblock_section av-lezr0od0-94e7bd8ef786eea3c9a8d27065495667 '   itemscope=\"itemscope\" itemtype=\"https:\/\/schema.org\/CreativeWork\" ><div class='avia_textblock'  itemprop=\"text\" ><p><em><strong>EU:n turvallisuuspolitiikan vahvistaminen<\/strong><\/em><\/p>\n<p>Jugoslavian hajoamissotien yhteydess\u00e4 EY\/EU oli osoittautunut melko voimattomaksi poliittiseksi ja sotilaalliseksi toimijaksi. Siksi 1990-luvun lopulla oli odotettavissa unionin keskittyv\u00e4n l\u00e4hinn\u00e4 toimintaan talousyhteis\u00f6n\u00e4, jolloin Nato hoitaisi Euroopassa edelleen asevoimaa vaativia turvallisuuspoliittisia teht\u00e4vi\u00e4. Kosovon kriisi ja siit\u00e4 kev\u00e4\u00e4ll\u00e4 1999 seurannut sota oli kuitenkin lopulta riitt\u00e4v\u00e4 sys\u00e4ys EU:n oman kriisinhallintavoiman kehitt\u00e4mishankkeille, joita Suomikin asettui tukemaan aktiivisesti. T\u00e4h\u00e4n liittyi n\u00e4kemys, ett\u00e4 EU:n rooli turvallisuuspolitiikassa tulee kasvamaan ja Yhdysvallat pyrkii siirt\u00e4m\u00e4\u00e4n Naton voimavaroja L\u00e4hi-id\u00e4n ja Aasian suunnille.<\/p>\n<p><em><strong>Yhteisvaluutta euro<\/strong><\/em><\/p>\n<p>Taloudellisella alalla sis\u00e4markkinaohjelma t\u00e4ydentyi yhteisvaluutta euron k\u00e4ytt\u00f6\u00f6notolla, joten oli aiheellista ryhty\u00e4 pohtimaan, mik\u00e4 olisi unionille seuraava t\u00e4rke\u00e4 kehitt\u00e4miskohde. Suomen liittyess\u00e4 talous- ja rahaliittoon korostettiin virallisissa kannanotoissa yhteisvaluutan t\u00e4rkeytt\u00e4 Euroopan poliittiselle eheydelle ja asemalle \u00a0maailmanpolitiikassa. Euro-alueen talouden vahvistaminen oli yh\u00e4 Suomen tavoitteena.<\/p>\n<p><em><strong>Integraatio<\/strong><\/em><\/p>\n<p>Pohdintojen kestoaiheena on ollut Euroopan integraation p\u00e4\u00e4m\u00e4\u00e4r\u00e4 ja unionin luonteenlaatu. Usein toistetun teesin mukaan integraatio on ennen kaikkea \u201crauhan projekti\u201d, joka alkoi Saksan ja Ranskan suhteiden tiivist\u00e4misest\u00e4 siin\u00e4 m\u00e4\u00e4rin, ett\u00e4 sota noiden maiden v\u00e4lill\u00e4 tulisi mahdottomaksi. T\u00e4st\u00e4 ytimest\u00e4 liikkeelle \u00a0l\u00e4htien rauhanomaista \u201cturvallisuusyhteis\u00f6\u00e4\u201d on laajennettu ja sit\u00e4 pyrit\u00e4\u00e4n edelleen<br \/>\nlaajentamaan kohti it\u00e4\u00e4 ja etel\u00e4\u00e4 aina Euroopalle sopiviksi katsotuille rajoille saakka.<\/p>\n<p><em><strong>Tuki integraation syvent\u00e4miselle<\/strong><\/em><\/p>\n<p>Toinen keskeinen kysymys on ollut itse integraatioprosessin luonne. Suomen kannanm\u00e4\u00e4rityksiss\u00e4 p\u00e4\u00e4ministeri Lipposen kaudella viel\u00e4 2000-luvun alussa korostettiin vahvan EU:n edullisuutta pienille valtioille. Se vastasi jo Rooman sopimuksessa 1957 mainittua tavoitetta kohti \u201cEuroopan kansojen yh\u00e4 tiiviimp\u00e4\u00e4 unionia\u201d, mik\u00e4 lopulta tarkoittaisi pitk\u00e4lle yhdentynytt\u00e4 eurooppalaista liittovaltiota. T\u00e4ss\u00e4 suhteessa Suomi tuki erityisesti Saksan ja Ranskan ajamaa integraation syvent\u00e4mist\u00e4.<\/p>\n<p>Toista p\u00e4\u00e4t\u00e4 asteikolla edustaa l\u00e4hinn\u00e4 englantilaisten suosima k\u00e4sitys, ett\u00e4 jo Euroopan sis\u00e4markkina-alue on ollut riitt\u00e4v\u00e4 p\u00e4\u00e4m\u00e4\u00e4r\u00e4, joten ulko- ja turvallisuuspolitiikka voidaan aivan hyvin j\u00e4tt\u00e4\u00e4 valtioiden keskin\u00e4isen yhteisty\u00f6n varaan. Euroopan unionilla ei my\u00f6sk\u00e4\u00e4n olisi mit\u00e4\u00e4n sis\u00e4ist\u00e4 pakkoa aina vain \u201csyvent\u00e4\u00e4\u201d integraatiota, vaan ylikansallisia elementtej\u00e4 voidaan jopa purkaa, jos niit\u00e4 ei pidet\u00e4 hyv\u00e4ksytt\u00e4vin\u00e4 tai muutenkaan tarpeellisina.<\/p>\n<p><em><strong>Valtiokeskeisyyden paluu<\/strong><\/em><\/p>\n<p>Syksyst\u00e4 2001 alkanut kehitys kansainv\u00e4lisess\u00e4 politiikassa Yhdysvaltojen \u201dterrorismin vastaisen sodan\u201d my\u00f6t\u00e4 suosi kansallisesti painottunutta voimapolitiikkaa ja suurvaltojen keskin\u00e4ist\u00e4 p\u00e4\u00e4t\u00f6ksentekoa, er\u00e4\u00e4nlaista \u201dsuurvaltakonserttia\u201d, jossa \u201deuro-atlanttisella alueella\u201d oli viel\u00e4 hallitseva asema. Vuodesta 2002 vallinneessa tilanteessa on my\u00f6s EU:n piiriss\u00e4 ollut havaittavissa merkkej\u00e4 valtiokeskeisyyden paluusta ja federalististen hankkeiden heikkenemisest\u00e4. Selkein n\u00e4ytt\u00f6 t\u00e4st\u00e4 trendist\u00e4 on ollut kansallisia arvoja ja kansallista etua korostaneiden oikeistopuolueiden menestyminen useissa EU-maissa pidetyiss\u00e4 vaaleissa, mik\u00e4 ajoi my\u00f6s vasemmistopuolueet painottamaan enemm\u00e4n kansallisia teemoja. T\u00e4h\u00e4n liittyi pitk\u00e4lle viety\u00e4 globalisaatiota ja Yhdysvaltojen valta-asemaa vastustavan ilmapiiriin vahvistuminen L\u00e4nsi-Euroopan maissa.<\/p>\n<p><em><strong>Suomen EU-kannanottoja<\/strong><\/em><\/p>\n<p>Suomen hallituksen oli EU-kannanotoissaan otettava huomioon nuo kehityspiirteet, vaikka edelleen suosittiin unionin integraation syvent\u00e4mist\u00e4 ja j\u00e4senkunnan laajentamista. EU:n tulevaisuus-konventtia ja perustuslaillisen sopimuksen luonnostelua varten laadituissa ohjeissa korostettiin EU:n olevan luonteeltaan valtioiden v\u00e4linen liitto eik\u00e4 suosittu etenemist\u00e4 kohti liittovaltiota. P\u00e4\u00e4ministeri Vanhasen hallituskaudella vuodesta 2003 alkaen ei aikaisemmasta pyrkimyksest\u00e4 p\u00e4\u00e4st\u00e4 mukaan \u201dkaikkiin EU:n ytimiin\u201d en\u00e4\u00e4 paljon puhuttu, vaan painotettiin valikoivaa harkinnanvaraisuutta.<\/p>\n<p><em><strong>EU:n kriisinhallintakyky ja puolustuspolitiikka<\/strong><\/em><\/p>\n<p>Suomi on suosinut EU:n kriisinhallintakyvyn ja puolustuspolitiikan kehitt\u00e4mist\u00e4 Helsingin Eurooppa-neuvostossa 1999 tehtyjen p\u00e4\u00e4t\u00f6sten mukaisesti. Kuitenkin on my\u00f6s t\u00e4ll\u00e4 alalla alkuinnostuksen j\u00e4lkeen ollut pakko sopeutua siihen, ett\u00e4 ohjelmat etenev\u00e4t hitaasti. Syyn\u00e4 on ollut erityisesti suurten EU-maiden poikkeavat n\u00e4kemykset EU:n ja Naton suhteesta sek\u00e4 selke\u00e4\u00e4 ratkaisua vaille j\u00e4\u00e4nyt kysymys Naton resurssien k\u00e4yt\u00f6st\u00e4 EU:n kriisinhallintaoperaatioissa. Lis\u00e4ksi EU-maiden voimien sitoutuminen Afganistaniin on v\u00e4hent\u00e4nyt halukkuutta uhrata varoja niin EU:n kuin Natonkin kriisinhallintakyvyn kehitt\u00e4miseen.<\/p>\n<p><em><strong>EU:n kriisihallinnan johtamiskyky<\/strong><\/em><\/p>\n<p>Saksan, Ranskan ja Ison-Britannian kesken vahvistua vuosina 2008\u20132010 k\u00e4sitys tarpeesta tehostaa EU:n itsen\u00e4ist\u00e4 kyky\u00e4 johtaa kriisinhallintatoimia sek\u00e4 sotilas- ett\u00e4 siviilialat kattavasti, mutta yhteist\u00e4 Eurooppa-armeijaa ei ole tarkoitus perustaa. Suomi on tukenut n\u00e4it\u00e4 tavoitteita, jotka vastaavat kansallisesti m\u00e4\u00e4ritettyj\u00e4 turvallisuuspolitiikan peruslinjoja. Niinp\u00e4 Suomi on kannattanut my\u00f6s Lissabonin sopimuksen 2009 mukaisia ulkosuhdehallinnon perustamistoimia sek\u00e4 valmistautuu t\u00e4ytt\u00e4m\u00e4\u00e4n solidaarisuusartiklan ja keskin\u00e4isen avunannon velvoitteet. Niiden t\u00e4sm\u00e4lliset m\u00e4\u00e4ritykset on viel\u00e4 tekem\u00e4tt\u00e4.<\/p>\n<p><em><strong>Yhteinen talouspolitiikka<\/strong><\/em><\/p>\n<p>Vuonna 2010 esille ovat nousseet Euroopan unionin maiden talouksien vahvistamistarpeet ja yhteisvaluutan\u00a0 puolustus, jota varten ker\u00e4ttiin jo suurta vakuusrahastoa. Suomi on tukenut yhteisen talouspolitiikan tehostamiseen t\u00e4ht\u00e4\u00e4vi\u00e4 toimia mutta suhtautunut varauksella komission tai Euroopan keskuspankin m\u00e4\u00e4r\u00e4ysvallan kasvattamiseen muun muassa budjettien teossa ja verotuksessa.<\/p>\n<p><em><strong>EU globaalipolitiikassa<\/strong><\/em><\/p>\n<p>uomessakin voimistuva kansalaismielipide odottaa, ett\u00e4 EU toimisi maailmanlaajuisten ongelmien ratkaisuissa aktiivisesti ja esikuvallisesti. N\u00e4in on tapahtunutkin jo kehitysyhteisty\u00f6ss\u00e4, johon EU-maat k\u00e4ytt\u00e4v\u00e4t varoja yht\u00e4 paljon kuin muu maailman yhteens\u00e4, ja ilmastopolitiikassa, jonka sopimuksien syntyyn ja toteutukseen EU on my\u00f6t\u00e4vaikuttanut merkitt\u00e4v\u00e4sti. Suomen virallinen ulkopolitiikka on n\u00e4iss\u00e4 asioissa ollut l\u00e4hell\u00e4 kansalaisj\u00e4rjest\u00f6j\u00e4.<\/p>\n<\/div><\/section><\/p><\/div>\n","protected":false},"excerpt":{"rendered":"","protected":false},"author":1,"featured_media":0,"parent":1889,"menu_order":5,"comment_status":"closed","ping_status":"closed","template":"","meta":{"footnotes":""},"class_list":["post-1898","page","type-page","status-publish","hentry"],"_links":{"self":[{"href":"https:\/\/maailmanmuutos.org\/index.php\/wp-json\/wp\/v2\/pages\/1898","targetHints":{"allow":["GET"]}}],"collection":[{"href":"https:\/\/maailmanmuutos.org\/index.php\/wp-json\/wp\/v2\/pages"}],"about":[{"href":"https:\/\/maailmanmuutos.org\/index.php\/wp-json\/wp\/v2\/types\/page"}],"author":[{"embeddable":true,"href":"https:\/\/maailmanmuutos.org\/index.php\/wp-json\/wp\/v2\/users\/1"}],"replies":[{"embeddable":true,"href":"https:\/\/maailmanmuutos.org\/index.php\/wp-json\/wp\/v2\/comments?post=1898"}],"version-history":[{"count":8,"href":"https:\/\/maailmanmuutos.org\/index.php\/wp-json\/wp\/v2\/pages\/1898\/revisions"}],"predecessor-version":[{"id":3721,"href":"https:\/\/maailmanmuutos.org\/index.php\/wp-json\/wp\/v2\/pages\/1898\/revisions\/3721"}],"up":[{"embeddable":true,"href":"https:\/\/maailmanmuutos.org\/index.php\/wp-json\/wp\/v2\/pages\/1889"}],"wp:attachment":[{"href":"https:\/\/maailmanmuutos.org\/index.php\/wp-json\/wp\/v2\/media?parent=1898"}],"curies":[{"name":"wp","href":"https:\/\/api.w.org\/{rel}","templated":true}]}}